{"id":2650,"date":"2016-11-08T14:11:05","date_gmt":"2016-11-08T14:11:05","guid":{"rendered":"https:\/\/nommontu.largosmile.es\/about-us"},"modified":"2024-02-06T15:46:53","modified_gmt":"2024-02-06T15:46:53","slug":"qui-sommes-nous","status":"publish","type":"page","link":"https:\/\/nommontu.org\/fr\/qui-sommes-nous","title":{"rendered":"QUI SOMMES-NOUS?"},"content":{"rendered":"<p>[vc_row full_width=\u00a0\u00bbstretch_row\u00a0\u00bb css=\u00a0\u00bb.vc_custom_1685355101031{margin-top: -30px !important;margin-bottom: 0px !important;padding-top: 150px !important;padding-bottom: 150px !important;background-color: #bba593 !important;}\u00a0\u00bb][vc_column width=\u00a0\u00bb1\/4&Prime;][\/vc_column][vc_column width=\u00a0\u00bb1\/2&Prime;][vc_column_text]<\/p>\n<h1 style=\"text-align: center; color: #fff;\">QUI SOMMES-NOUS?<\/h1>\n<p>[\/vc_column_text][\/vc_column][vc_column width=\u00a0\u00bb1\/4&Prime;][\/vc_column][\/vc_row][vc_row full_width=\u00a0\u00bbstretch_row\u00a0\u00bb css=\u00a0\u00bb.vc_custom_1685698835603{padding-top: 40px !important;}\u00a0\u00bb el_id=\u00a0\u00bbmission\u00a0\u00bb][vc_column width=\u00a0\u00bb1\/4&Prime;][\/vc_column][vc_column width=\u00a0\u00bb1\/2&Prime;][vc_column_text]<\/p>\n<h2 class=\"titulo-corporativo\" style=\"text-align: center;\">Notre mission<span class=\"text-primary\">.<\/span><\/h2>\n<p class=\"parrafo-destacado\">La Fondation Nommontu investit dans les moyens de subsistance, la cr\u00e9ativit\u00e9 et le bien-\u00eatre des femmes et des jeunes filles, des r\u00e9fugi\u00e9s et des populations d\u00e9plac\u00e9es afin de promouvoir les droits de l&rsquo;homme, la dignit\u00e9 et l&rsquo;\u00e9galit\u00e9 pour tous.<\/p>\n<p>[\/vc_column_text][\/vc_column][vc_column width=\u00a0\u00bb1\/4&Prime;][\/vc_column][\/vc_row][vc_row full_width=\u00a0\u00bbstretch_row\u00a0\u00bb css=\u00a0\u00bb.vc_custom_1685357201631{padding-top: 40px !important;}\u00a0\u00bb][vc_column width=\u00a0\u00bb1\/4&Prime;][\/vc_column][vc_column width=\u00a0\u00bb1\/2&Prime;][vc_column_text]<\/p>\n<h2 class=\"titulo-corporativo\" style=\"text-align: center;\">Nos valeurs<span class=\"text-primary\">.<\/span><\/h2>\n<p>[\/vc_column_text][vc_raw_html]JTNDZGl2JTIwY2xhc3MlM0QlMjJibG9xdWUtaWNvbm8lMjIlM0UlMEElM0NpbWclMjBzcmMlM0QlMjIlMkZ3cC1jb250ZW50JTJGdXBsb2FkcyUyRjIwMjMlMkYwNSUyRmhlbHAucG5nJTIyJTNFJTBBJTNDaDQlM0VDb21tdW5hdXQlQzMlQTklMjAlMkIlMjByZWxhdGlvbnMlM0MlMkZoNCUzRSUwQSUzQ3AlMjBjbGFzcyUzRCUyMnBhcnJhZm8tZGVzdGFjYWRvJTIyJTNFTm91cyUyMGNyJUMzJUE5b25zJTIwZGVzJTIwY29tbXVuYXV0JUMzJUE5cyUyMHBvdXIlMjBjb29wJUMzJUE5cmVyJTIwJUMzJUEwJTIwbGElMjByJUMzJUE5YWxpc2F0aW9uJTIwZCUyN3VuJTIwb2JqZWN0aWYlMjBjb21tdW4uJTIwTm91cyUyMHRlbm9ucyUyMCVDMyVBMCUyMGVudHJldGVuaXIlMjBkZXMlMjByZWxhdGlvbnMlMjAlQzMlQTl0cm9pdGVzJTIwYXZlYyUyMHRvdXRlcyUyMGxlcyUyMHBhcnRpZXMlMjBwcmVuYW50ZXMlMkMlMjB5JTIwY29tcHJpcyUyMGxlcyUyMGIlQzMlQTluJUMzJUE5ZmljaWFpcmVzJTIwZGUlMjBzdWJ2ZW50aW9ucy4lM0NwJTNFJTBBJTNDJTJGZGl2JTNFJTBBJTNDZGl2JTIwY2xhc3MlM0QlMjJibG9xdWUtaWNvbm8lMjIlM0UlMEElM0NpbWclMjBzcmMlM0QlMjIlMkZ3cC1jb250ZW50JTJGdXBsb2FkcyUyRjIwMjMlMkYwNSUyRmFkYXB0YWJpbGl0eS5wbmclMjIlM0UlMEElM0NoNCUzRUFkYXB0YWJpbGl0JUMzJUE5JTNDJTJGaDQlM0UlMEElM0NwJTIwY2xhc3MlM0QlMjJwYXJyYWZvLWRlc3RhY2FkbyUyMiUzRU5vdXMlMjBzb21tZXMlMjBmbGV4aWJsZXMlMjBkYW5zJTIwbGElMjByZWNoZXJjaGUlMjBkZSUyMHNvbHV0aW9ucyUyMGV0JTIwJUMzJUEwJTIwbCUyNyVDMyVBOWNvdXRlJTIwZCUyN2F1dHJlcyUyMHZvaXguJTIwTm91cyUyMCVDMyVBOWNvdXRvbnMlMjBsZXMlMjBhdXRyZXMlMjBwb3VyJTIwY29tcHJlbmRyZSUyMGxldXJzJTIwYmVzb2lucy4lM0NwJTNFJTBBJTNDJTJGZGl2JTNFJTBBJTNDZGl2JTIwY2xhc3MlM0QlMjJibG9xdWUtaWNvbm8lMjIlM0UlMEElM0NpbWclMjBzcmMlM0QlMjIlMkZ3cC1jb250ZW50JTJGdXBsb2FkcyUyRjIwMjMlMkYwNSUyRnN1c3RhaW5hYmlsaXR5LnBuZyUyMiUzRSUwQSUzQ2g0JTNFRHVyYWJpbGl0JUMzJUE5JTNDJTJGaDQlM0UlMEElM0NwJTIwY2xhc3MlM0QlMjJwYXJyYWZvLWRlc3RhY2FkbyUyMiUzRU5vdXMlMjBjaGVyY2hvbnMlMjAlQzMlQTAlMjBhcHBvcnRlciUyMGRlcyUyMGNoYW5nZW1lbnRzJTIwJUMzJUEwJTIwbG9uZyUyMHRlcm1lJTIwcXVpJTIwcyUyN2F0dGFxdWVudCUyMGF1eCUyMGNhdXNlcyUyMHByb2ZvbmRlcyUyMGRlcyUyMHByb2JsJUMzJUE4bWVzJTIwc3VyJTIwbGVzcXVlbHMlMjBub3VzJTIwbm91cyUyMGNvbmNlbnRyb25zJTJDJTIwZXQlMjBwYXMlMjBzZXVsZW1lbnQlMjBkZXMlMjBzb2x1dGlvbnMlMjAlQzMlQTAlMjBjb3VydCUyMHRlcm1lLiUzQ3AlM0UlMEElM0MlMkZkaXYlM0UlMEElM0NkaXYlMjBjbGFzcyUzRCUyMmJsb3F1ZS1pY29ubyUyMiUzRSUwQSUzQ2ltZyUyMHNyYyUzRCUyMiUyRndwLWNvbnRlbnQlMkZ1cGxvYWRzJTJGMjAyMyUyRjA1JTJGY29tcGFzc2lvbi5wbmclMjIlM0UlMEElM0NoNCUzRUNvbXBhc3Npb24lM0MlMkZoNCUzRSUwQSUzQ3AlMjBjbGFzcyUzRCUyMnBhcnJhZm8tZGVzdGFjYWRvJTIyJTNFTm91cyUyMHNvbW1lcyUyMG1vdGl2JUMzJUE5cyUyMGV0JTIwY29uZHVpdHMlMjBwYXIlMjBub3RyZSUyMHNvdWNpJTIwcHJvZm9uZCUyMGR1JTIwYmllbi0lQzMlQUF0cmUlMjBkZSUyMHRvdXMlMjBldCUyMGwlMjdpbnQlQzMlQTlncm9ucyUyMGRhbnMlMjBub3RyZSUyMHRyYXZhaWwuJTNDcCUzRSUwQSUzQyUyRmRpdiUzRQ==[\/vc_raw_html][\/vc_column][vc_column width=\u00a0\u00bb1\/4&Prime;][\/vc_column][\/vc_row][vc_row full_width=\u00a0\u00bbstretch_row\u00a0\u00bb css=\u00a0\u00bb.vc_custom_1685698430666{padding-top: 40px !important;}\u00a0\u00bb el_id=\u00a0\u00bbfondateur\u00a0\u00bb][vc_column width=\u00a0\u00bb1\/4&Prime;][\/vc_column][vc_column width=\u00a0\u00bb1\/2&Prime;][vc_column_text]<\/p>\n<h2 class=\"titulo-corporativo\" style=\"text-align: center;\">Notre fondatrice<span class=\"text-primary\">.<\/span><\/h2>\n<p class=\"parrafo-destacado\">La Fondation Nommontu a \u00e9t\u00e9 cr\u00e9\u00e9e par Marisa Mueller. Marisa travaille dans l&rsquo;humanitaire depuis plus de 10 ans, est philanthrope et reste une optimiste inconditionnelle. N\u00e9e dans une famille multireligieuse et multiculturelle, elle se consacre \u00e0 faire de notre plan\u00e8te un endroit o\u00f9 tous les \u00eatres sensibles peuvent jouir d&rsquo;une vie paisible, de parit\u00e9 et d&rsquo;abondance. C&rsquo;est cet id\u00e9al utopique qui la guide.<\/p>\n<p class=\"parrafo-destacado\">\u00c0 peine sortie de l&rsquo;universit\u00e9, Marisa a commenc\u00e9 \u00e0 produire des rapports sur certains pays pour diff\u00e9rents m\u00e9dias tels que Forbes et l&rsquo;International Herald Tribune dans toute l&rsquo;Afrique. Apr\u00e8s avoir obtenu une ma\u00eetrise en d\u00e9veloppement international, elle a rejoint M\u00e9decins sans fronti\u00e8res (MSF), puis le Comit\u00e9 international de la Croix-Rouge (CICR), avec lequel elle a continu\u00e9 \u00e0 travailler en Afrique ainsi qu&rsquo;en Asie de l&rsquo;Est et au Moyen-Orient. Ce qu&rsquo;elle a observ\u00e9, affront\u00e9 et endur\u00e9 au cours de ces affectations lui a laiss\u00e9 une empreinte profonde et l&rsquo;a finalement amen\u00e9e \u00e0 poursuivre son h\u00e9ritage philanthropique.<\/p>\n<p class=\"parrafo-destacado\">Afin d&rsquo;honorer la vision et le travail philanthropique de son grand-p\u00e8re, Marisa a cr\u00e9\u00e9 la Fondation Nommontu. D&rsquo;origine kikongo, Nommontu signifie \u00abUnit\u00e9 de tous les \u00eatres vivants\u00bb, ce qui symbolise sa raison d&rsquo;\u00eatre. Depuis sa cr\u00e9ation, la Fondation Nommontu s&rsquo;est engag\u00e9e \u00e0 financer des organisations qui se concentrent sur l&rsquo;\u00e9ducation des filles, la r\u00e9solution des conflits et l&rsquo;acc\u00e8s aux soins, principalement au Moyen-Orient et en Afrique de l&rsquo;Ouest. En l&rsquo;honneur de son d\u00e9funt p\u00e8re, Marisa consacre \u00e9galement une partie des travaux de sa fondation \u00e0 la conservation de l&rsquo;environnement et \u00e0 la protection des animaux, deux causes qui lui tenaient \u00e0 c\u0153ur.<\/p>\n<p class=\"parrafo-destacado\">Marisa parle quatre langues europ\u00e9ennes et \u00e9tudie avidement l&rsquo;arabe. Elle est membre du conseil d&rsquo;administration de l&rsquo;AMREF et continue \u00e0 consacrer son temps libre \u00e0 MSF.<\/p>\n<p>[\/vc_column_text][\/vc_column][vc_column width=\u00a0\u00bb1\/4&Prime;][\/vc_column][\/vc_row][vc_row full_width=\u00a0\u00bbstretch_row\u00a0\u00bb css=\u00a0\u00bb.vc_custom_1685357201631{padding-top: 40px !important;}\u00a0\u00bb][vc_column width=\u00a0\u00bb1\/4&Prime;][\/vc_column][vc_column width=\u00a0\u00bb1\/2&Prime;][vc_column_text]<\/p>\n<h2 class=\"titulo-corporativo\" style=\"text-align: center;\">Notre histoire<span class=\"text-primary\">.<\/span><\/h2>\n<p class=\"parrafo-destacado\">Le grand-p\u00e8re de Marisa, Joseph Handleman, a \u00e9t\u00e9 une figure influente dans sa vie et elle est honor\u00e9e de perp\u00e9tuer son h\u00e9ritage philanthropique.<\/p>\n<p class=\"parrafo-destacado\">L&rsquo;histoire de Joseph Handleman est celle d&rsquo;un \u00eatre bienveillant, courageux et compatissant qui a appris trop t\u00f4t \u00e0 conna\u00eetre les visages hideux de la pauvret\u00e9. Son histoire est celle de la t\u00e9nacit\u00e9 et du triomphe face \u00e0 la p\u00e9nurie. C&rsquo;est aussi l&rsquo;histoire d&rsquo;un c\u0153ur, d&rsquo;un esprit et d&rsquo;une \u00e2me nobles qui se consacrent \u00e0 aider les personnes et les institutions dans le besoin. cc<\/p>\n<p class=\"parrafo-destacado\">N\u00e9 au d\u00e9but du XXe si\u00e8cle \u00e0 Buffalo, dans l&rsquo;\u00c9tat de New York, dans une famille de huit personnes, Joe \u00e9tait l&rsquo;a\u00een\u00e9 d&rsquo;une fratrie de six enfants. Confront\u00e9 \u00e0 l&rsquo;\u00e2ge de sept ans \u00e0 la responsabilit\u00e9 de subvenir aux besoins de sa m\u00e8re et de ses cinq fr\u00e8res et s\u0153urs, Joe vend des journaux au coin des rues du centre-ville de D\u00e9troit. Alors que les autres enfants de son \u00e2ge \u00e9taient \u00e0 l&rsquo;\u00e9cole pour apprendre, les professeurs de Joe \u00e9taient dans les rues du centre-ville. Ce qu&rsquo;il a appris et v\u00e9cu l\u00e0-bas a fait na\u00eetre chez lui le d\u00e9sir et la d\u00e9termination d&rsquo;\u00eatre fort, afin de d\u00e9fendre ceux dont les voix ne sont pas entendues, les voix muettes des laiss\u00e9s-pour-compte et des d\u00e9favoris\u00e9s. Car, comme on l&rsquo;entendait souvent dire \u00e0 l&rsquo;\u00e2ge adulte, \u00abce n&rsquo;est que dans la force que l&rsquo;on peut aider les plus d\u00e9munis\u00bb.<\/p>\n<p class=\"parrafo-destacado\">L&rsquo;imagination et l&rsquo;intelligence ont permis \u00e0 Joe de quitter les coins de rue du centre-ville et de cr\u00e9er sa propre entreprise. Pionnier du merchandising et du marketing, Joe Handleman est \u00e0 l&rsquo;origine de l&rsquo;acc\u00e8s direct des consommateurs aux produits de sant\u00e9 et de beaut\u00e9 gr\u00e2ce \u00e0 ses id\u00e9es cr\u00e9atives en mati\u00e8re de distribution de masse. Il a introduit le rayon non alimentaire dans les supermarch\u00e9s. Joe a \u00e9galement dirig\u00e9 les premi\u00e8res \u00e9tudes de marketing sur la distribution de masse des produits de sant\u00e9 et de beaut\u00e9 pour Unilever et Colgate dans huit pays europ\u00e9ens.<\/p>\n<p>[\/vc_column_text][\/vc_column][vc_column width=\u00a0\u00bb1\/4&Prime;][\/vc_column][\/vc_row][vc_row full_width=\u00a0\u00bbstretch_row\u00a0\u00bb css=\u00a0\u00bb.vc_custom_1685547018860{padding-top: 0px !important;}\u00a0\u00bb][vc_column width=\u00a0\u00bb3\/12&Prime;][\/vc_column][vc_column width=\u00a0\u00bb3\/12&Prime;][vc_single_image image=\u00a0\u00bb2207&Prime; img_size=\u00a0\u00bbfull\u00a0\u00bb el_class=\u00a0\u00bbwidth-100&Prime;][\/vc_column][vc_column width=\u00a0\u00bb3\/12&Prime;][vc_column_text]<\/p>\n<p class=\"parrafo-destacado\">Mais \u00abrien n&rsquo;est \u00e9ternel\u00bb, disait Joe \u00e0 ses amis et \u00e0 sa famille, et au moment o\u00fa le climat changeait dans le secteur de la sant\u00e9 et de la beaut\u00e9, M. Handleman a cherch\u00e9 un nouveau produit \u00e0 commercialiser de mani\u00e8re cr\u00e9ative. Sa soci\u00e9t\u00e9 est la premi\u00e8re \u00e0 commercialiser de la musique en masse en Am\u00e9rique du Nord.<\/p>\n<p class=\"parrafo-destacado\">Malgr\u00e9 les exigences de l&rsquo;\u00e9ducation d&rsquo;une famille et d&rsquo;une entreprise dont il a \u00e9t\u00e9 le fondateur, le pr\u00e9sident, le pr\u00e9sident-directeur g\u00e9n\u00e9ral pendant trente-deux ans, Joe Handleman n&rsquo;a jamais perdu de vue son d\u00e9sir d\u00e9termin\u00e9 de d\u00e9fendre les int\u00e9r\u00eats de ceux qui ne pouvaient pas s&rsquo;aider eux-m\u00eames. Sa philosophie selon laquelle \u00ables privil\u00e9gi\u00e9s h\u00e9ritent des responsabilit\u00e9s\u00bb a gouvern\u00e9 sa vie.<\/p>\n<p>[\/vc_column_text][\/vc_column][vc_column width=\u00a0\u00bb3\/12&Prime;][\/vc_column][\/vc_row][vc_row full_width=\u00a0\u00bbstretch_row\u00a0\u00bb css=\u00a0\u00bb.vc_custom_1685698440418{margin-top: 30px !important;margin-bottom: 0px !important;padding-top: 100px !important;padding-bottom: 100px !important;background-color: #bba593 !important;}\u00a0\u00bb el_id=\u00a0\u00bbfinances\u00a0\u00bb][vc_column width=\u00a0\u00bb1\/4&Prime;][\/vc_column][vc_column width=\u00a0\u00bb1\/2&Prime;][vc_column_text]<\/p>\n<h3 class=\"titulo-bloque white\" style=\"color: #fff; text-align: center; padding-bottom: 30px;\">NOS FINANCES<\/h3>\n<p style=\"text-align: center; color: #000; font-size: 20px;\">Des copies de nos d\u00e9clarations fiscales sont disponibles aupr\u00e8s de <b><br \/>\n<i>Le Centre de la Fondation<\/i><\/b>.<\/p>\n<p>[\/vc_column_text][vc_raw_html]JTNDZGl2JTIwc3R5bGUlM0QlMjJmbG9hdCUzQSUyMGxlZnQlM0IlMjBwb3NpdGlvbiUzQSUyMHJlbGF0aXZlJTNCJTIwd2lkdGglM0ElMjAxMDAlMjUlM0IlMjB0ZXh0LWFsaWduJTNBJTIwY2VudGVyJTNCJTIyJTNFJTBBJTIwJTIwJTIwJTIwJTNDYSUyMGhyZWYlM0QlMjJodHRwcyUzQSUyRiUyRmJldGEuY2FuZGlkLm9yZyUyRnNlYXJjaCUzRmtleXdvcmQlM0R0aGUlMkJub21tb250dSUyQmZvdW5kYXRpb24lMkIlMjIlMjB0YXJnZXQlM0QlMjJfYmxhbmslMjIlMjBjbGFzcyUzRCUyMmJ0biUyMiUzRUNsaXF1ZXolMjBpY2klMjAlMjAlMjAlM0NpJTIwY2xhc3MlM0QlMjJpY29uLW5leHQlMjIlM0UlM0MlMkZpJTNFJTNDJTJGYSUzRSUwQSUzQyUyRmRpdiUzRQ==[\/vc_raw_html][\/vc_column][vc_column width=\u00a0\u00bb1\/4&Prime;][\/vc_column][\/vc_row]<\/p>\n","protected":false},"excerpt":{"rendered":"<p>[vc_column width=\u00a0\u00bb1\/2&Prime;][vc_column_text] Notre mission. La Fondation Nommontu investit dans les moyens de subsistance, la cr\u00e9ativit\u00e9 et le bien-\u00eatre des femmes et des jeunes filles, des r\u00e9fugi\u00e9s et des populations d\u00e9plac\u00e9es afin [&hellip;]<\/p>\n","protected":false},"author":1,"featured_media":0,"parent":0,"menu_order":0,"comment_status":"closed","ping_status":"closed","template":"template-fullwidth.php","meta":[],"_links":{"self":[{"href":"https:\/\/nommontu.org\/fr\/wp-json\/wp\/v2\/pages\/2650"}],"collection":[{"href":"https:\/\/nommontu.org\/fr\/wp-json\/wp\/v2\/pages"}],"about":[{"href":"https:\/\/nommontu.org\/fr\/wp-json\/wp\/v2\/types\/page"}],"author":[{"embeddable":true,"href":"https:\/\/nommontu.org\/fr\/wp-json\/wp\/v2\/users\/1"}],"replies":[{"embeddable":true,"href":"https:\/\/nommontu.org\/fr\/wp-json\/wp\/v2\/comments?post=2650"}],"version-history":[{"count":9,"href":"https:\/\/nommontu.org\/fr\/wp-json\/wp\/v2\/pages\/2650\/revisions"}],"predecessor-version":[{"id":2941,"href":"https:\/\/nommontu.org\/fr\/wp-json\/wp\/v2\/pages\/2650\/revisions\/2941"}],"wp:attachment":[{"href":"https:\/\/nommontu.org\/fr\/wp-json\/wp\/v2\/media?parent=2650"}],"curies":[{"name":"wp","href":"https:\/\/api.w.org\/{rel}","templated":true}]}}